{"id":689,"date":"2023-05-01T21:23:57","date_gmt":"2023-05-01T18:23:57","guid":{"rendered":"https:\/\/veimaj.com\/?page_id=689"},"modified":"2023-05-01T21:31:31","modified_gmt":"2023-05-01T18:31:31","slug":"kisisel-verilerin-korunmasi-kanunu","status":"publish","type":"page","link":"https:\/\/www.dijitalavantaj.com\/tekk\/kisisel-verilerin-korunmasi-kanunu\/","title":{"rendered":"Ki\u015fisel Verilerin Korunmas\u0131 Kanunu"},"content":{"rendered":"\t\t<div data-elementor-type=\"wp-page\" data-elementor-id=\"689\" class=\"elementor elementor-689\">\n\t\t\t\t\t\t<section class=\"elementor-section elementor-top-section elementor-element elementor-element-143b59e1 elementor-section-boxed elementor-section-height-default elementor-section-height-default\" data-id=\"143b59e1\" data-element_type=\"section\">\n\t\t\t\t\t\t<div class=\"elementor-container elementor-column-gap-default\">\n\t\t\t\t\t<div class=\"aux-parallax-section elementor-column elementor-col-100 elementor-top-column elementor-element elementor-element-1e5884c8\" data-id=\"1e5884c8\" data-element_type=\"column\">\n\t\t\t<div class=\"elementor-widget-wrap elementor-element-populated\">\n\t\t\t\t\t\t<div class=\"elementor-element elementor-element-5bb76499 elementor-widget elementor-widget-text-editor\" data-id=\"5bb76499\" data-element_type=\"widget\" data-widget_type=\"text-editor.default\">\n\t\t\t\t<div class=\"elementor-widget-container\">\n\t\t\t\t\t\t\t\t\t<div class=\"tb-8 article\">\r\n<h1><strong>Ki\u015fisel Verilerin Korunmas\u0131 Kanunu<\/strong><\/h1>\r\n6698 say\u0131l\u0131 Ki\u015fisel Verilerin Korunmas\u0131 Kanunu (\u201cKVKK\u201d) uyar\u0131nca, \u015eirketimiz taraf\u0131ndan, Veri Sorumlusu s\u0131fat\u0131yla, ki\u015fisel verileriniz, i\u015f ama\u00e7lar\u0131yla ba\u011fl\u0131 olarak, a\u015fa\u011f\u0131da a\u00e7\u0131kland\u0131\u011f\u0131 \u00e7er\u00e7evede kullan\u0131lmak, kaydedilmek, saklanmak, g\u00fcncellenmek, aktar\u0131lmak ve\/veya s\u0131n\u0131fland\u0131r\u0131lmak suretiyle i\u015flenecektir. \u00a0Bu kapsamda \u015eirketimiz taraf\u0131ndan ba\u015fta \u00f6zel hayat\u0131n gizlili\u011fi olmak \u00fczere, ki\u015filerin temel hak ve \u00f6zg\u00fcrl\u00fcklerini korumak ve ki\u015fisel verilerin korunmas\u0131 amac\u0131yla d\u00fczenlenen Kanun ve Y\u00f6netmelikler gere\u011fince \u015eirketimiz, ki\u015fisel verilerinizin hukuka ayk\u0131r\u0131 olarak i\u015flenmesini \u00f6nleme, hukuka ayk\u0131r\u0131 olarak eri\u015filmesini \u00f6nleme ve muhafazas\u0131n\u0131 sa\u011flama amac\u0131yla, uygun g\u00fcvenlik d\u00fczeyini temin etmeye y\u00f6nelik t\u00fcm teknik ve idari tedbirleri almaktad\u0131r.\r\n\r\nBu metnin hedef kitlesi, \u015eirketimiz \u00e7al\u0131\u015fanlar\u0131 veya \u015eirketimize i\u015f ba\u015fvurusu yapm\u0131\u015f olan \u00e7al\u0131\u015fan adaylar\u0131 d\u0131\u015f\u0131ndaki, \u015eirketimiz taraf\u0131ndan ki\u015fisel verileri i\u015flenen t\u00fcm ger\u00e7ek ki\u015filerdir.\r\n\r\nVeri sorumlusu s\u0131fat\u0131yla i\u015flenen ki\u015fisel verilere, burada belirtilenlerle s\u0131n\u0131rl\u0131 say\u0131da olmamak \u00fczere a\u015fa\u011f\u0131da yer verilmektedir;\r\n\r\n\u0130sim, soy isim, T.C. kimlik numaras\u0131, adres, telefon numaras\u0131, e-posta adresi, imza, fiziksel mekan\/g\u00fcvenlik g\u00f6r\u00fcnt\u00fc kayd\u0131, \u00e7a\u011fr\u0131 merkezi\/hizmet kalitesi ses kayd\u0131, banka hesap numaras\u0131, cookie kay\u0131tlar\u0131\r\n\r\n<strong>Ki\u015fisel verilerin i\u015flenme ama\u00e7lar\u0131 ve hukuki sebepleri; Taraf\u0131n\u0131zca payla\u015f\u0131lan ki\u015fisel verileriniz;<\/strong>\r\n<ul>\r\n \t<li>\u015eirketimiz taraf\u0131ndan sunulan \u00fcr\u00fcn ve hizmetlerden sizleri ve\/veya temsil etti\u011finiz kurum ve kurulu\u015flar\u0131 faydaland\u0131rmak i\u00e7in, \u015eirketimizin ticari ve i\u015f stratejilerinin belirlenmesi ve uygulanmas\u0131, pazarlama faaliyetlerinin yap\u0131lmas\u0131, i\u015f geli\u015ftirme ve planlama faaliyetlerinin ger\u00e7ekle\u015ftirilmesi dahil ve fakat bunlarla s\u0131n\u0131rl\u0131 olmamak \u00fczere gerekli \u00e7al\u0131\u015fmalar\u0131n y\u00fcr\u00fct\u00fclmesi,<\/li>\r\n \t<li>\u015eirketimiz taraf\u0131ndan y\u00fcr\u00fct\u00fclen ileti\u015fime y\u00f6nelik idari operasyonlar\u0131n y\u00fcr\u00fct\u00fclmesi,<\/li>\r\n \t<li>\u015eirketimizin kullan\u0131mda olan lokasyonlar\u0131n fiziksel g\u00fcvenli\u011finin ve denetiminin sa\u011flanmas\u0131,<\/li>\r\n \t<li>\u0130\u015f orta\u011f\u0131\/m\u00fc\u015fteri\/tedarik\u00e7i (yetkili veya \u00e7al\u0131\u015fanlar\u0131) ili\u015fkilerinin kurulmas\u0131,<\/li>\r\n \t<li>\u0130\u015f ortaklar\u0131m\u0131z, tedarik\u00e7ilerimiz veya sair \u00fc\u00e7\u00fcnc\u00fc ki\u015filerle birlikte sunulan \u00fcr\u00fcn ve hizmetlere ili\u015fkin s\u00f6zle\u015fme gereklerinin ve finansal mutabakat\u0131n sa\u011flanmas\u0131,<\/li>\r\n \t<li>\u015eirketimizin insan kaynaklar\u0131 politikalar\u0131n\u0131n y\u00fcr\u00fct\u00fclmesi,<\/li>\r\n \t<li>\u015eirketimizin \u00e7a\u011fr\u0131 merkezinin aranmas\u0131 veya internet sayfas\u0131n\u0131n kullan\u0131lmas\u0131 ve\/veya<\/li>\r\n \t<li>\u015eirketimizin d\u00fczenledi\u011fi e\u011fitim, seminer veya organizasyonlara kat\u0131l\u0131m sa\u011flanmas\u0131 amac\u0131yla i\u015flenecektir.<\/li>\r\n<\/ul>\r\n<\/div>\t\t\t\t\t\t\t\t<\/div>\n\t\t\t\t<\/div>\n\t\t\t\t\t<\/div>\n\t\t<\/div>\n\t\t\t\t\t<\/div>\n\t\t<\/section>\n\t\t\t\t<\/div>\n\t\t","protected":false},"excerpt":{"rendered":"<p>Ki\u015fisel Verilerin Korunmas\u0131 Kanunu 6698 say\u0131l\u0131 Ki\u015fisel Verilerin Korunmas\u0131 Kanunu (\u201cKVKK\u201d) uyar\u0131nca, \u015eirketimiz taraf\u0131ndan, Veri Sorumlusu s\u0131fat\u0131yla, ki\u015fisel verileriniz, i\u015f ama\u00e7lar\u0131yla ba\u011fl\u0131 olarak, a\u015fa\u011f\u0131da a\u00e7\u0131kland\u0131\u011f\u0131 \u00e7er\u00e7evede kullan\u0131lmak, kaydedilmek, saklanmak, g\u00fcncellenmek, aktar\u0131lmak ve\/veya s\u0131n\u0131fland\u0131r\u0131lmak suretiyle i\u015flenecektir. \u00a0Bu kapsamda \u015eirketimiz taraf\u0131ndan ba\u015fta \u00f6zel hayat\u0131n gizlili\u011fi olmak \u00fczere, ki\u015filerin temel hak ve \u00f6zg\u00fcrl\u00fcklerini korumak ve ki\u015fisel verilerin korunmas\u0131 [&hellip;]<\/p>\n","protected":false},"author":1,"featured_media":0,"parent":0,"menu_order":0,"comment_status":"closed","ping_status":"closed","template":"","meta":{"footnotes":""},"class_list":["post-689","page","type-page","status-publish","hentry"],"_links":{"self":[{"href":"https:\/\/www.dijitalavantaj.com\/tekk\/wp-json\/wp\/v2\/pages\/689","targetHints":{"allow":["GET"]}}],"collection":[{"href":"https:\/\/www.dijitalavantaj.com\/tekk\/wp-json\/wp\/v2\/pages"}],"about":[{"href":"https:\/\/www.dijitalavantaj.com\/tekk\/wp-json\/wp\/v2\/types\/page"}],"author":[{"embeddable":true,"href":"https:\/\/www.dijitalavantaj.com\/tekk\/wp-json\/wp\/v2\/users\/1"}],"replies":[{"embeddable":true,"href":"https:\/\/www.dijitalavantaj.com\/tekk\/wp-json\/wp\/v2\/comments?post=689"}],"version-history":[{"count":0,"href":"https:\/\/www.dijitalavantaj.com\/tekk\/wp-json\/wp\/v2\/pages\/689\/revisions"}],"wp:attachment":[{"href":"https:\/\/www.dijitalavantaj.com\/tekk\/wp-json\/wp\/v2\/media?parent=689"}],"curies":[{"name":"wp","href":"https:\/\/api.w.org\/{rel}","templated":true}]}}